{"id":1898,"date":"2024-07-24T12:35:48","date_gmt":"2024-07-24T10:35:48","guid":{"rendered":"https:\/\/lasubterranea.es\/project\/erase-2024\/"},"modified":"2024-10-16T12:55:01","modified_gmt":"2024-10-16T10:55:01","slug":"erase-2024","status":"publish","type":"project","link":"https:\/\/lasubterranea.es\/val\/espectaculos-val\/erase-2024\/","title":{"rendered":"\u00c9RASE (2024)"},"content":{"rendered":"<p>Seleccionat programa Graners de Creaci\u00f3.<\/p>\n<p>\u00a0<\/p>\n<h2>FITXA ART\u00cdSTICA<\/h2>\n<p>\u00a0<\/p>\n<h3 class=\"et_pb_toggle_title\">SINOPSI<\/h3>\n<div class=\"et_pb_toggle_content clearfix\">\n<p><em>\u00c9rase<\/em> \u00e9s un conte improbable de filles a mares, d&#8217;\u00e0necs a \u00e0vies, de lleteres a ca\u00e7adors.<\/p>\n<p>Un conte que va caure darrere de l&#8217;armari i mai m\u00e9s va eixir dels budells del llop. Una hist\u00f2ria sobre nosaltres, sobre com cap relat mai inventat ha sigut capa\u00e7 d&#8217;explicar-nos com hem de cuidar, ballar, treballar, riure o besar.<\/p>\n<\/div>\n<p>\u00a0<\/p>\n<h3 class=\"et_pb_toggle_title\">DRAMAT\u00daRGIA<\/h3>\n<div class=\"et_pb_toggle_content clearfix\">\n<p>Ester Medrano i Luc\u00eda S\u00e1ez<\/p>\n<\/div>\n<p>\u00a0<\/p>\n<h3 class=\"et_pb_toggle_title\">DIRECCI\u00d3<\/h3>\n<div class=\"et_pb_toggle_content clearfix\">\n<p>Creaci\u00f3 de La Subterr\u00e1nea<\/p>\n<\/div>\n<p>\u00a0<\/p>\n<h3 class=\"et_pb_toggle_title\">Espai esc\u00e8nic<\/h3>\n<div class=\"et_pb_toggle_content clearfix\">\n<p>Los Reyes del Mambo<\/p>\n<\/div>\n<p>\u00a0<\/p>\n<h3 class=\"et_pb_toggle_title\">Disseny gr\u00e0fic<\/h3>\n<div class=\"et_pb_toggle_content clearfix\">\n<p>Las Subversiva<\/p>\n<\/div>\n<p>\u00a0<\/p>\n<h3 class=\"et_pb_toggle_title\">Il\u00b7luminaci\u00f3<\/h3>\n<div class=\"et_pb_toggle_content clearfix\">\n<p>Diego S\u00e1nchez<\/p>\n<\/div>\n<p>\u00a0<\/p>\n<h3 class=\"et_pb_toggle_title\">Maquin\u00e0ria<\/h3>\n<div class=\"et_pb_toggle_content clearfix\">\n<p>Bili Pav\u00eda<\/p>\n<\/div>\n<p>\u00a0<\/p>\n<h3 class=\"et_pb_toggle_title\">Premsa i comunicaci\u00f3<\/h3>\n<div class=\"et_pb_toggle_content clearfix\">\n<p>Laura Bellver<\/p>\n<\/div>\n<p>\u00a0<\/p>\n<h3 class=\"et_pb_toggle_title\">V\u00cdDEO<\/h3>\n<div class=\"et_pb_toggle_content clearfix\">\n<p>Nacho Carrascosa<\/p>\n<\/div>\n<p>\u00a0<\/p>\n<h3 class=\"et_pb_toggle_title\">FOTOGRAFIA<\/h3>\n<div class=\"et_pb_toggle_content clearfix\">\n<p>Jordi Pla<\/p>\n<\/div>\n<p>\u00a0<\/p>\n<h3 class=\"et_pb_toggle_title\">PRODUCCI\u00d3<\/h3>\n<div class=\"et_pb_toggle_content clearfix\">\n<p>La Subterr\u00e1nea<\/p>\n<\/div>\n<p>\u00a0<\/p>\n<h3 class=\"et_pb_toggle_title\">DISTRIBUCI\u00d3<\/h3>\n<div class=\"et_pb_toggle_content clearfix\">\n<p>Xema Soriano<\/p>\n<\/div>\n<p>\u00a0<\/p>\n<h3 class=\"et_pb_toggle_title\">Int\u00e8rprets<\/h3>\n<div class=\"et_pb_toggle_content clearfix\">\n<p>Ester Medrano i Luc\u00eda S\u00e1ez<\/p>\n<\/div>\n<p>\u00a0<\/p>\n<p>\u00c9rase es planteja la pregunta: i a tu quin conte t&#8217;han contat?<br \/>\nPer a aix\u00f2, les dramaturges se serveixen de personatges tan coneguts com Caputxeta o La Lletera, que reinterpreten per a reflexionar sobre la construcci\u00f3 de la identitat femenina.<br \/>\n\u201cConstru\u00efm la nostra identitat sent fidels als nostres propis valors i necessitats de<br \/>\nmanera conscient o ens deixem portar per relats externs sense q\u00fcestionar si eixa identificaci\u00f3 \u00e9s real o imposada?<\/p>\n<p>\u00a0<\/p>\n<p><iframe loading=\"lazy\" title=\"\u00c9RASE_ TEASER\" src=\"https:\/\/player.vimeo.com\/video\/954932610?dnt=1&amp;app_id=122963\" width=\"1080\" height=\"608\" frameborder=\"0\" allow=\"autoplay; fullscreen; picture-in-picture; clipboard-write\"><\/iframe><\/p>\n","protected":false},"excerpt":{"rendered":"<p>Seleccionat programa Graners de Creaci\u00f3. \u00a0 FITXA ART\u00cdSTICA \u00a0 SINOPSI \u00c9rase \u00e9s un conte improbable de filles a mares, d&#8217;\u00e0necs a \u00e0vies, de lleteres a ca\u00e7adors. Un conte que va caure darrere de l&#8217;armari i mai m\u00e9s va eixir dels budells del llop. Una hist\u00f2ria sobre nosaltres, sobre com cap relat mai inventat ha sigut [&hellip;]<\/p>\n","protected":false},"author":1,"featured_media":1565,"comment_status":"closed","ping_status":"closed","template":"","meta":{"_acf_changed":false,"_et_pb_use_builder":"off","_et_pb_old_content":"","_et_gb_content_width":"","footnotes":""},"project_category":[26],"project_tag":[],"class_list":["post-1898","project","type-project","status-publish","has-post-thumbnail","hentry","project_category-espectaculos-val"],"acf":[],"_links":{"self":[{"href":"https:\/\/lasubterranea.es\/val\/wp-json\/wp\/v2\/project\/1898","targetHints":{"allow":["GET"]}}],"collection":[{"href":"https:\/\/lasubterranea.es\/val\/wp-json\/wp\/v2\/project"}],"about":[{"href":"https:\/\/lasubterranea.es\/val\/wp-json\/wp\/v2\/types\/project"}],"author":[{"embeddable":true,"href":"https:\/\/lasubterranea.es\/val\/wp-json\/wp\/v2\/users\/1"}],"replies":[{"embeddable":true,"href":"https:\/\/lasubterranea.es\/val\/wp-json\/wp\/v2\/comments?post=1898"}],"version-history":[{"count":4,"href":"https:\/\/lasubterranea.es\/val\/wp-json\/wp\/v2\/project\/1898\/revisions"}],"predecessor-version":[{"id":2132,"href":"https:\/\/lasubterranea.es\/val\/wp-json\/wp\/v2\/project\/1898\/revisions\/2132"}],"wp:featuredmedia":[{"embeddable":true,"href":"https:\/\/lasubterranea.es\/val\/wp-json\/wp\/v2\/media\/1565"}],"wp:attachment":[{"href":"https:\/\/lasubterranea.es\/val\/wp-json\/wp\/v2\/media?parent=1898"}],"wp:term":[{"taxonomy":"project_category","embeddable":true,"href":"https:\/\/lasubterranea.es\/val\/wp-json\/wp\/v2\/project_category?post=1898"},{"taxonomy":"project_tag","embeddable":true,"href":"https:\/\/lasubterranea.es\/val\/wp-json\/wp\/v2\/project_tag?post=1898"}],"curies":[{"name":"wp","href":"https:\/\/api.w.org\/{rel}","templated":true}]}}